{"id":379,"date":"2017-03-14T16:23:32","date_gmt":"2017-03-14T15:23:32","guid":{"rendered":"http:\/\/web1637.host1741.raghosting.de\/klM_I\/klm-i\/"},"modified":"2019-02-23T11:16:39","modified_gmt":"2019-02-23T10:16:39","slug":"klm-i-the-origin","status":"publish","type":"page","link":"https:\/\/klm-international.info\/en\/klm-i-the-origin\/","title":{"rendered":"KlM-I   THE ORIGIN"},"content":{"rendered":"<h2>HISTORY &#8211; THE ORIGIN OF KLM-INTERNATIONAL<\/h2>\n<p>At the beginning of the 20th Century, our Kleine M\u00fcnsterl\u00e4nder quickly became known across Germany\u2019s borders and was popular with hunters. Already in 1921 the Dutch Heidewachtel Club was founded. In 1947 it was established again. In the forties, testing of the Kleine M\u00fcnsterl\u00e4nder shifted more and more from Germany to Austria. In the Czech Republic, a Kleine M\u00fcnsterl\u00e4nder organization was established in 1935. <\/p>\n<p>Kleine M\u00fcnsterl\u00e4nder were bred and handled in the Scandinavian countries. In 1968 the Danish Kleine M\u00fcnsterl\u00e4nder Club was founded and has actively and successfully developed further down to the present day. In France and Luxemburg, Kleine M\u00fcnsterl\u00e4nder were also bred und very successfully presented at dog shows. International tests took place principally in Austria and the Czech Republic. Thus, one can say that Kleine M\u00fcnsterl\u00e4nder have already had an international history in the past century. The numbers were still relatively limited, and many breeders and handlers were in contact across borders. Shows and tests interlinked the activities.<\/p>\n<figure id=\"attachment_86\" aria-describedby=\"caption-attachment-86\" style=\"width: 1300px\" class=\"wp-caption alignnone\"><img loading=\"lazy\" decoding=\"async\" class=\"wp-image-86 size-full\" src=\"https:\/\/klm-international.info\/media\/2017\/03\/1-Foto-Feldpruefung-1976-in-Daenemark.jpg\" alt=\"\" width=\"1300\" height=\"771\" srcset=\"https:\/\/klm-international.info\/media\/2017\/03\/1-Foto-Feldpruefung-1976-in-Daenemark.jpg 1300w, https:\/\/klm-international.info\/media\/2017\/03\/1-Foto-Feldpruefung-1976-in-Daenemark-300x178.jpg 300w, https:\/\/klm-international.info\/media\/2017\/03\/1-Foto-Feldpruefung-1976-in-Daenemark-768x455.jpg 768w, https:\/\/klm-international.info\/media\/2017\/03\/1-Foto-Feldpruefung-1976-in-Daenemark-1024x607.jpg 1024w, https:\/\/klm-international.info\/media\/2017\/03\/1-Foto-Feldpruefung-1976-in-Daenemark-100x59.jpg 100w, https:\/\/klm-international.info\/media\/2017\/03\/1-Foto-Feldpruefung-1976-in-Daenemark-150x89.jpg 150w, https:\/\/klm-international.info\/media\/2017\/03\/1-Foto-Feldpruefung-1976-in-Daenemark-200x119.jpg 200w, https:\/\/klm-international.info\/media\/2017\/03\/1-Foto-Feldpruefung-1976-in-Daenemark-450x267.jpg 450w, https:\/\/klm-international.info\/media\/2017\/03\/1-Foto-Feldpruefung-1976-in-Daenemark-600x356.jpg 600w, https:\/\/klm-international.info\/media\/2017\/03\/1-Foto-Feldpruefung-1976-in-Daenemark-900x534.jpg 900w\" sizes=\"auto, (max-width: 1300px) 100vw, 1300px\" \/><figcaption id=\"caption-attachment-86\" class=\"wp-caption-text\">Field test 1976 in Denmark. From left to right: male \u201cDirck\u201d 01182\/75 with handler E. Danielsen, Chairman of the Danish Munsterlander Club; female \u201cSteensgards Assi\u201d 26419\/74, international exhibition Otterup 1976 best female, with handler P. Porsild; male \u201cDachs von der Ochtum\u201d 74-0823 handler Rolf Kanngieser (Germany)<\/figcaption><\/figure>\n<p class=\"art-postcontent\">Unfortunately, after the Second World War national breeding and testing activities increasingly developed in different directions. This was due, on the one hand, to differing hunting traditions, and on the other hand, to different hunting and game conditions, as well as to the legal frameworks. In addition, the breed clubs abroad were not autonomous and are dependent to this day on their F.C.I. member organizations, which issue pedigrees. This was also due to the fact that there was neither cross-border cooperation, nor coordination. Breeding and testing activities took place across borders only through the efforts of individual breeders and handlers.<\/p>\n<p class=\"art-postcontent\">In the 90s and well into the new century, foreign handlers and their Kleine M\u00fcnsterl\u00e4nder were seldom at our German tests and breed shows. The good contacts and the active exchange of experiences, especially from neighboring countries, had gone dormant with the exception of occasional connections at the breeder level. The problem arose, that in some countries unique types of Kleine M\u00fcnsterl\u00e4nder developed, depending on the various practical and traditional hunting conditions. <\/p>\n<p>The original versatile character of the Kleine M\u00fcnsterl\u00e4nder threatened to become slowly diluted and to diverge into national variants. In the meantime, the number of Kleine M\u00fcnsterl\u00e4nder whelped abroad was larger than in Germany. The F.C.I., as the international federation of breed associations, ensured compliance with the breed standard for physique and coat\u2014but not with uniform performance standards. A broad, international performance breed, in conformity with comparable criteria, was not possible. In our view, however, the Kleine M\u00fcnsterl\u00e4nder should be preserved as a versatile utility hunting dog in the long term. But how could this be achieved?<\/p>\n<p class=\"art-postcontent\">For several years in Germany, the continental pointing dog breeds Deutsch Drahthaar (German Wirehaired Pointer) and Deutsch Kurzhaar (German Shorthaired Pointer) as well as a few other hunting dog breeds like the Teckel (Dachshund) had demonstrated how: They had established global associations for their breed. International tests are conducted on the basis of uniform testing regulations. A direct influence on breed development and management in the world associations is possible only in a very limited fashion, because decisions about breeding always lie in the hands of the national F.C.I. member organizations. <\/p>\n<p>And the relationship of a national breed association to its F.C.I. member organization varies from country to country. Nonetheless, a lot can be discussed, coordinated, adjusted or unified across international borders in a global association. A regular exchange of experiences is also very important. For all of this personal, human contact is decisive.<\/p>\n<figure id=\"attachment_82\" aria-describedby=\"caption-attachment-82\" style=\"width: 1300px\" class=\"wp-caption alignnone\"><img loading=\"lazy\" decoding=\"async\" class=\"wp-image-82 size-full\" src=\"https:\/\/klm-international.info\/media\/2017\/03\/2-Foto-Pressegespraech.jpg\" alt=\"\" width=\"1300\" height=\"605\" srcset=\"https:\/\/klm-international.info\/media\/2017\/03\/2-Foto-Pressegespraech.jpg 1300w, https:\/\/klm-international.info\/media\/2017\/03\/2-Foto-Pressegespraech-300x140.jpg 300w, https:\/\/klm-international.info\/media\/2017\/03\/2-Foto-Pressegespraech-768x357.jpg 768w, https:\/\/klm-international.info\/media\/2017\/03\/2-Foto-Pressegespraech-1024x477.jpg 1024w, https:\/\/klm-international.info\/media\/2017\/03\/2-Foto-Pressegespraech-100x47.jpg 100w, https:\/\/klm-international.info\/media\/2017\/03\/2-Foto-Pressegespraech-150x70.jpg 150w, https:\/\/klm-international.info\/media\/2017\/03\/2-Foto-Pressegespraech-200x93.jpg 200w, https:\/\/klm-international.info\/media\/2017\/03\/2-Foto-Pressegespraech-450x209.jpg 450w, https:\/\/klm-international.info\/media\/2017\/03\/2-Foto-Pressegespraech-600x279.jpg 600w, https:\/\/klm-international.info\/media\/2017\/03\/2-Foto-Pressegespraech-900x419.jpg 900w\" sizes=\"auto, (max-width: 1300px) 100vw, 1300px\" \/><figcaption id=\"caption-attachment-82\" class=\"wp-caption-text\">2Second international meeting on September 29, 2005.\u00a0From left to right: Lena Billstedt (Sweden), Bernd-Dieter Jesinghausen (Germany), Tom McDonald (North America), Dr. J\u00fcrgen B\u00f6hm (Germany), Henrik Raae Andersen (Denmark), Petr Buba (Czech Republic), Cor Bottenheft (The Netherlands), Urs Hoppler (Switzerland)<\/figcaption><\/figure>\n<p class=\"art-postcontent\">And so, in 2006, after years of preparations, a global breed association was established for the Kleine M\u00fcnsterl\u00e4nder: KlM-International (KlM-I).<\/p>\n<p class=\"art-postcontent\">It took four years until representatives of eight foreign Kleine M\u00fcnsterl\u00e4nder Clubs came together in Fulda\/Almendorf on May 20, 2006. Guests came from the U.S.A., Austria, Holland, Denmark, France, the Czech Republic, Switzerland and Sweden to participate in the inaugural meeting. To date, the Kleine M\u00fcnsterl\u00e4nder clubs in Belgium and Norway have also joined. At first, there were a lot of questions in the room:<\/p>\n<ul class=\"art-postcontent\">\n<li>What goals would we pursue?<\/li>\n<li>How can one compare breed and test results with each other?<\/li>\n<li>What hunting, organizational and legal conditions need to be considered?<\/li>\n<li>Which traditions play a significant role?<\/li>\n<li>Does the German motherland of the breed wish perhaps to keep the current foreign clubs \u201con a short leash\u201d in order to better monitor future developments?<\/li>\n<li>What should be the priorities of the work in the years ahead?<\/li>\n<li>What advantages do breeders and handlers from KlM-I have? And so on\u2026<\/li>\n<\/ul>\n<p class=\"art-postcontent\">A lot was discussed and the pleasant general mood \u2013 the wish to strengthen what was commonly shared as well as our personal contacts \u2013 got better and better. The evening grew longer and the participants still fondly remember the conversations and the enjoyable hours in the Hotel Berghof in the village of Almendorf near Fulda.<\/p>\n<figure id=\"attachment_83\" aria-describedby=\"caption-attachment-83\" style=\"width: 1300px\" class=\"wp-caption alignnone\"><img loading=\"lazy\" decoding=\"async\" class=\"wp-image-83 size-full\" src=\"https:\/\/klm-international.info\/media\/2017\/03\/3-Foto-Gruendungsversammlung.jpg\" alt=\"\" width=\"1300\" height=\"720\" srcset=\"https:\/\/klm-international.info\/media\/2017\/03\/3-Foto-Gruendungsversammlung.jpg 1300w, https:\/\/klm-international.info\/media\/2017\/03\/3-Foto-Gruendungsversammlung-300x166.jpg 300w, https:\/\/klm-international.info\/media\/2017\/03\/3-Foto-Gruendungsversammlung-768x425.jpg 768w, https:\/\/klm-international.info\/media\/2017\/03\/3-Foto-Gruendungsversammlung-1024x567.jpg 1024w, https:\/\/klm-international.info\/media\/2017\/03\/3-Foto-Gruendungsversammlung-100x55.jpg 100w, https:\/\/klm-international.info\/media\/2017\/03\/3-Foto-Gruendungsversammlung-150x83.jpg 150w, https:\/\/klm-international.info\/media\/2017\/03\/3-Foto-Gruendungsversammlung-200x111.jpg 200w, https:\/\/klm-international.info\/media\/2017\/03\/3-Foto-Gruendungsversammlung-450x249.jpg 450w, https:\/\/klm-international.info\/media\/2017\/03\/3-Foto-Gruendungsversammlung-600x332.jpg 600w, https:\/\/klm-international.info\/media\/2017\/03\/3-Foto-Gruendungsversammlung-900x498.jpg 900w\" sizes=\"auto, (max-width: 1300px) 100vw, 1300px\" \/><figcaption id=\"caption-attachment-83\" class=\"wp-caption-text\">The inaugural meeting in Fulda on May 20, 2006.\u00a0The founding members.<\/figcaption><\/figure>\n<p>The next day, the creation of the global association and the by-laws, was concluded and the first executive committee was elected. In addition to the President, who regularly comes from the motherland of the breed, there are two Vice Presidents from abroad and a Business Manager, chosen at the suggestion of the President. In addition to Bernd-Dieter Jesinghausen, Cor Bottenheft from the Netherlands and Henrik R. Andersen from Denmark were elected. The Business Manager was Dr. J\u00fcrgen B\u00f6hm, and Jacqueline Mette has been his successor since 2012. KlM-I currently combines about 10,000 members. About 2,700 pups are born annually in the member clubs.<\/p>\n<figure id=\"attachment_84\" aria-describedby=\"caption-attachment-84\" style=\"width: 1300px\" class=\"wp-caption alignnone\"><img loading=\"lazy\" decoding=\"async\" class=\"wp-image-84 size-full\" src=\"https:\/\/klm-international.info\/media\/2017\/03\/4-Foto-Hauptversammlung.jpg\" alt=\"\" width=\"1300\" height=\"831\" srcset=\"https:\/\/klm-international.info\/media\/2017\/03\/4-Foto-Hauptversammlung.jpg 1300w, https:\/\/klm-international.info\/media\/2017\/03\/4-Foto-Hauptversammlung-300x192.jpg 300w, https:\/\/klm-international.info\/media\/2017\/03\/4-Foto-Hauptversammlung-768x491.jpg 768w, https:\/\/klm-international.info\/media\/2017\/03\/4-Foto-Hauptversammlung-1024x655.jpg 1024w, https:\/\/klm-international.info\/media\/2017\/03\/4-Foto-Hauptversammlung-100x64.jpg 100w, https:\/\/klm-international.info\/media\/2017\/03\/4-Foto-Hauptversammlung-150x96.jpg 150w, https:\/\/klm-international.info\/media\/2017\/03\/4-Foto-Hauptversammlung-200x128.jpg 200w, https:\/\/klm-international.info\/media\/2017\/03\/4-Foto-Hauptversammlung-450x288.jpg 450w, https:\/\/klm-international.info\/media\/2017\/03\/4-Foto-Hauptversammlung-600x384.jpg 600w, https:\/\/klm-international.info\/media\/2017\/03\/4-Foto-Hauptversammlung-900x575.jpg 900w\" sizes=\"auto, (max-width: 1300px) 100vw, 1300px\" \/><figcaption id=\"caption-attachment-84\" class=\"wp-caption-text\">The representatives of the member countries from left to right: Urs Hoppler and Ernst Krebs (Switzerland), Atle Johannesen (Norway), Ji\u0159\u00ed Kec and Petr Buba (Czech Republic), Peter H\u00fcbler and Thomas Niederecker (Austria), Cor Bottenheft (The Netherlands), Nanda Adriaansen (Belgian), Tom McDonald (North America), Henrik Raae Andersen (Denmark) kneeling<\/figcaption><\/figure>\n<p class=\"art-postcontent\">A so-called agreement of cooperation was concluded between the KlM-I, on the one hand, and the F.C.I. as well as the VDH (Verband f\u00fcr das Deutsche Hundewesen\u2014German Kennel Club), on the other hand. This must, however, still be given life by the F.C.I. and cannot just exist on paper.<\/p>\n<p class=\"art-postcontent\">The first larger project should be the development of an international test for our Kleine M\u00fcnsterl\u00e4nder. A working group, in which KlM members from Austria, the Czech Republic, the Netherlands, France and Germany, are working together, have developed a concept for the testing regulations over the past two years. <\/p>\n<p>The Gro\u00dfe M\u00fcnsterl\u00e4nder Club also participated in the work. Then test runs of the new test regulations were conducted in Austria and Germany. All experiences were carefully evaluated and, in conclusion, the test regulations were adopted and enacted with the name \u201cInternational M\u00fcnsterl\u00e4nder-Pr\u00fcfung\u201c &#8211;International M\u00fcnsterl\u00e4nder Test (IMP) by the Annual Meeting of KlM-I in 2012. <\/p>\n<p class=\"art-postcontent\">Without patience, perseverance and effective cooperation we cannot manage the long road which lies ahead \u2013 to guarantee our breeders around the world a long-term, stabile, healthy and effective breed foundation for the classic Kleine M\u00fcnsterl\u00e4nder and to offer lots of comparable, dependable information about breed stock, tests, health risks, blood lines, etc.<\/p>\n<p class=\"art-postcontent\">We wish that all will share this motivation! Only in this way can we preserve and further develop the potential, which lies in 150 years of breeding, and preserve its value in the long run.<\/p>\n<p>&nbsp;<\/p>\n<p><a href=\"https:\/\/klm-international.info\/media\/2017\/03\/klmi_webicon.jpg\"><img loading=\"lazy\" decoding=\"async\" class=\"alignleft wp-image-7 size-thumbnail\" src=\"https:\/\/klm-international.info\/media\/2017\/03\/klmi_webicon-150x150.jpg\" alt=\"\" width=\"150\" height=\"150\" srcset=\"https:\/\/klm-international.info\/media\/2017\/03\/klmi_webicon-150x150.jpg 150w, https:\/\/klm-international.info\/media\/2017\/03\/klmi_webicon-300x300.jpg 300w, https:\/\/klm-international.info\/media\/2017\/03\/klmi_webicon-100x100.jpg 100w, https:\/\/klm-international.info\/media\/2017\/03\/klmi_webicon-200x200.jpg 200w, https:\/\/klm-international.info\/media\/2017\/03\/klmi_webicon-450x450.jpg 450w, https:\/\/klm-international.info\/media\/2017\/03\/klmi_webicon.jpg 512w\" sizes=\"auto, (max-width: 150px) 100vw, 150px\" \/><\/a><\/p>\n<p>&nbsp;<\/p>\n<p>The \u201eStrichh\u00fcndchen\u201c (\u201cStick Dog\u201d) was designed in 2004 by Heiner Meiling and is the logo of KlM-International.<\/p>\n<p>&nbsp;<\/p>\n<p>&nbsp;<\/p>\n<p>&nbsp;<\/p>\n<p>&nbsp;<\/p>\n<p>&nbsp;<\/p>\n<p>&nbsp;<\/p>\n<h2>10 Jahre KlM-International \u2013 Aufbau, Gr\u00fcndung, Entwicklung<\/h2>\n<h2>Satzung<\/h2>\n<p>Stand 14.11.2014<\/p>\n<p><a href=\"https:\/\/klm-international.info\/media\/2017\/03\/Satzung-aktuell-HV-19.10.2014.pdf\">Satzung als PDF laden<\/a><\/p>\n<p style=\"text-align: center;\">Satzung<br \/>\nf\u00fcr den<br \/>\nVerband Kleine M\u00fcnsterl\u00e4nder-International (KlM-I)<\/p>\n<p><strong>1. Ziele, Zweck<\/strong><\/p>\n<p>1.1 Der Verband Kleine M\u00fcnsterl\u00e4nder-International (KlM-I) ist ein freiwilliger Zusammenschluss von nationalen KlM-Rassevereinen, welche den Klei-nen M\u00fcnsterl\u00e4nder Jagdhund z\u00fcchten und f\u00fchren. Es ist das Ziel, den ho-hen F.C.I.-Standard dieser Rasse international zu sichern, Wesen, Ge-sundheit und jagdliche Gebrauchsf\u00e4higkeit ebenso zu f\u00f6rdern wie auch die Zucht-, Ausbildungs- und Haltungsbedingungen zu vereinheitlichen. Die Interessen der Jagdhunderasse sollen einheitlich und wirkungsvoll gegen-\u00fcber nationalen sowie internationalen Organisationen und Verb\u00e4nden ver-treten werden. Praktische Erfahrungen sollen grenz\u00fcbergreifend ausge-tauscht, internationale Pr\u00fcfungen gemeinsam durchgef\u00fchrt und grunds\u00e4tz-liche Rasse-, Gebrauchs- und Organisationsangelegenheiten geregelt, sowie die nationalen KlM-Rassevereine einheitlich beraten werden.<\/p>\n<p>1.2 Die Kleinen M\u00fcnsterl\u00e4nder sind eine alte Jagdhunderasse. Die Erhaltung und F\u00f6rderung der jagdlichen Gebrauchsf\u00e4higkeit unter tierschutzgerech-ten Bedingungen ist wichtigster Zweck dieses Internationalen Verbandes.<\/p>\n<p>1.3 Der Internationale Verband soll die Betreuung der KlM-Rasse in enger und vertrauensvoller Zusammenarbeit mit den nationalen Rassevereinen unterst\u00fctzen. Er konzentriert sich auf grunds\u00e4tzliche und internationale Themen und respektiert die Souver\u00e4nit\u00e4t und historisch gewachsenen Verh\u00e4ltnisse der nationalen Rassevereine.<br \/>\n<strong>2. Namensgebung<\/strong><\/p>\n<p>2.1 Der Internationale Verband f\u00fchrt den Namen \u201eVerband Kleine M\u00fcnster-l\u00e4nder-International\u201c (KlM-I), ist ein eingetragener Verein nach deutschem Recht und hat seinen Sitz in N\u00fcrnberg.<\/p>\n<p>2.2 Der Verein verfolgt ausschlie\u00dflich und unmittelbar gemeinn\u00fctzige Zwecke im Sinne des Abschnittes \u201eSteuerbeg\u00fcnstigte Zwecke\u201c der Abgabenord-nung. Der Verein ist selbstlos t\u00e4tig. Einwirtschaftlicher Gesch\u00e4ftsbetrieb ist von seiner T\u00e4tigkeit ausdr\u00fccklich ausgeschlossen. Mittel des Vereins d\u00fcrfen nur f\u00fcr die satzungsgem\u00e4\u00dfen Zwecke verwendet werden. Die Mit-glieder erhalten keine Zuwendungen aus Mitteln des Vereins. Es darf kei-ne Person durch Ausgaben, die dem Zweck der K\u00f6rperschaft fremd sind, oder durch unverh\u00e4ltnism\u00e4\u00dfig hohe Verg\u00fctung beg\u00fcnstigt werden.<\/p>\n<p>2.3 Gesch\u00e4ftsjahr ist das Kalenderjahr.<\/p>\n<p><strong>3. Mitgliedschaft<\/strong><\/p>\n<p>3.1 Mitglied dieses Internationalen Verbandes k\u00f6nnen alle nationalen Rasse-vereine von Kleinen M\u00fcnsterl\u00e4ndern werden, welche nach ihren Statuten diese Rasse auf der Grundlage des F.C.I. Standards Nr. 102 betreuen.<\/p>\n<p>3.2 Interessierte nationale Organisationen bzw. Rassevereine, die nach der Gr\u00fcndung beitreten wollen, erhalten bei der Gesch\u00e4ftsstelle dieses Ver-bandes einen Aufnahmeantrag. \u00dcber den Aufnahmeantrag entscheidet anschlie\u00dfend der Vorstand von KlM-International. Diese Entscheidung ist in der n\u00e4chsten Mitgliederversammlung von KlM-International zu geneh-migen.<\/p>\n<p>3.3 Eine K\u00fcndigung ist mit zw\u00f6lfmonatiger Frist zum Ende eines Kalenderjah-res m\u00f6glich. Eine fristlose K\u00fcndigung seitens KlM-International ist zul\u00e4s-sig, wenn in schwerwiegender Weise gegen die Ziele und Regeln von KlM-International versto\u00dfen wird. Die Entscheidung trifft der Vorstand. Diese Entscheidung muss von der n\u00e4chsten Mitgliederversammlung ge-nehmigt werden. Die fristlose K\u00fcndigung ist jedoch mit Zugang vorl\u00e4ufig wirksam.<\/p>\n<p>3.4 Jedes Mitglied hat die Aufgabe, die KlM-Rasse durch gemeinsam prakti-zierbare, einheitliche Reglungen in grunds\u00e4tzlichen und internationalen Fragen zu st\u00e4rken sowie die Interessen seines nationalen Rassevereins zu vertreten. Bis zum 31. Januar jeden Jahres m\u00fcssen die Mitglieder dem KlM-International die Zahlen ihrer Mitglieder, der Zwinger, der W\u00fcrfe und der Welpen aus dem vorangegangenen Jahr nennen.<\/p>\n<p>3.5 Sitzungen, Dokumente und Verhandlungen werden in deutscher Sprache gef\u00fchrt. Der Schriftverkehr ist au\u00dferdem in englischer und franz\u00f6sischer Sprache m\u00f6glich.<\/p>\n<p><strong>4. Organe<\/strong><\/p>\n<p>4.1 Oberstes Organ von KlM-International ist die Mitgliederversammlung. Die Gesch\u00e4fte werden vom Vorstand gef\u00fchrt. Dieser kann weitere Personen oder Gremien berufen, welche die Arbeit zwischen den Mitgliederver-sammlungen vorbereiten und unterst\u00fctzen.<\/p>\n<p><strong>5. Mitgliederversammlungen<\/strong><\/p>\n<p>5.1 Ordentliche Mitgliederversammlungen finden mindestens alle zwei Jahre statt. Hier werden alle grunds\u00e4tzlichen Angelegenheiten von KlM-International beraten und beschlossen bzw. genehmigt, die Vorstandsmit-glieder gew\u00e4hlt und entlastet sowie Satzungs\u00e4nderungen mit Zweidrittel-mehrheit vorgenommen. Alle anderen Beschl\u00fcsse bed\u00fcrfen der einfachen Mehrheit.<\/p>\n<p>Die Mitgliederversammlung wird vom Vorstand schriftlich einberufen.<\/p>\n<p>5.2 Jedes nationale Mitglied hat eine Stimme. Die offizielle Vertretungsberech-tigung muss jedes Mitglied durch seine nationale Mitgliederversammlung regeln und nachweisen. Zus\u00e4tzlich hat der Pr\u00e4sident von KlM-International eine Stimme. Alle Abstimmungen erfolgen offen, bei Stimmengleichheit entscheidet die Stimme des Pr\u00e4sidenten. Antr\u00e4ge sind mit einer Frist von zwei Monaten einzureichen. Schriftliche Abstimmungen haben auf Antrag des Vorstandes oder von mindestens f\u00fcnf Mitgliedern zu erfolgen. Be-schlussfassungen zu Antr\u00e4gen, die nicht auf der Tagesordnung stehen, sind nicht m\u00f6glich.<\/p>\n<p>5.3 \u00dcber die gefassten Beschl\u00fcsse ist eine Niederschrift aufzunehmen. Die Niederschrift ist vom Versammlungsleiter zu unterschreiben. Diese Ver-sammlungsprotokolle m\u00fcssen zeitnah erstellt und allen Mitgliedern zuge-stellt werden.<\/p>\n<p><strong>6. Vorstand<\/strong><\/p>\n<p>6.1 Der Vorstand hat unter Ber\u00fccksichtigung der Autonomie der nationalen Zuchtvereine die Ziele und Zwecke gem\u00e4\u00df Nr. 1 dieser Satzung zu reali-sieren und dabei auch die Zusammenarbeit der nationalen Rassevereine untereinander zu f\u00f6rdern.<\/p>\n<p>6.2 Der Vorstand besteht aus dem Pr\u00e4sidenten, zwei Vizepr\u00e4sidenten und einem Gesch\u00e4ftsf\u00fchrer. Die Wahl erfolgt auf einer ordentlichen Mitglie-derversammlung f\u00fcr jeweils vier Jahre. Das Mutterland der KlM-Rasse stellt den Pr\u00e4sidenten. Der Gesch\u00e4ftsf\u00fchrer wird vom Pr\u00e4sidenten bestellt und von der Mitgliederversammlung best\u00e4tigt. Nach deutschem Vereins-recht wird KlM-International vom Pr\u00e4sidenten sowie vom Gesch\u00e4ftsf\u00fchrer \u2013 jeweils alleinberechtigt \u2013 als vertretungsberechtigter Vorstand nach \u00a7 26 BGB vertreten.<br \/>\nDer Vorstand nach \u00a7 26 BGB ist erm\u00e4chtigt zu redaktionellen \u00c4nderun-gen der Satzung und \u00c4nderungen, die auf Grund von Beanstandungen des Registergerichts oder zur Erlangung der Gemeinn\u00fctzigkeit erforder-lich sind.<\/p>\n<p>6.3 Der Vorstand kann zu seinen Sitzungen nichtstimmberechtigte, beraten-de G\u00e4ste einladen bzw. weitere Personen mit wichtigen Aufgaben be-trauen. Bei Abstimmungen gilt die einfache Mehrheit, bei Stimmen-gleichheit gilt Nr. 5.2 entsprechend.<\/p>\n<p>6.4 Der Vorstand hat die wirtschaftlichen Angelegenheiten des Verbandes sparsam und unter Ber\u00fccksichtigung der Gemeinn\u00fctzigkeit zu f\u00fchren. Der Mitgliederversammlung sind eine Jahresabrechnung und ein Wirt-schaftsplan vorzulegen. Mitgliedsbeitr\u00e4ge m\u00fcssen ebenfalls von der Mit-gliederversammlung beschlossen werden.<\/p>\n<p><strong>7. Satzungs\u00e4nderungen, Aufl\u00f6sung des Vereins<\/strong><\/p>\n<p>7.1 Satzungs\u00e4nderungen m\u00fcssen auf der Tagesordnung der Einladung zur entsprechenden Mitgliederversammlung n\u00e4her bezeichnet sein. Die Ta-gesordnung muss den Mitgliedern sp\u00e4testens sechs Wochen vor der Versammlung zugegangen sein.<\/p>\n<p>7.2 Die Aufl\u00f6sung des Vereins kann nur mit Zweidrittelmehrheit der Mitglie-der beschlossen werden. Die Mitgliederversammlung kann die Aufl\u00f6-sung auch aus anderen Gr\u00fcnden beschlie\u00dfen. Sie bestimmt gleichzeitig einen Liquidator und beschlie\u00dft \u00fcber die Verwendung des Verm\u00f6gens des Vereins.<\/p>\n<p>Bei Aufl\u00f6sung des Vereins oder bei Wegfall steuerbeg\u00fcnstigter Zwecke f\u00e4llt das Verm\u00f6gen des Vereins an eine andere gemeinn\u00fctzige Organi-sation des Jagdgebrauchshundwesens, die es unmittelbar und aus-schlie\u00dflich f\u00fcr gemeinn\u00fctzige Zwecke im Sinne dieser Satzung zu ver-wenden hat.<\/p>\n<p><strong>8. \u00dcbergangs- und Schlussvorschriften<\/strong><\/p>\n<p>8.1 Bei Nichtigkeit einzelner Satzungsbestimmungen soll der Vorstand die \u00fcbrige Satzung beibehalten und die erforderlichen \u00c4nderungen im Ver-einsregister eintragen lassen, soweit dadurch nicht der erkl\u00e4rte Sinn und Zweck der urspr\u00fcnglichen Satzungsbestimmungen ge\u00e4ndert wird. Glei-ches gilt f\u00fcr redaktionelle \u00c4nderungen.<\/p>\n<p>8.2 Diese Satzung wurde am 22. Mai 2006 in Fulda \/ Almendorf einstimmig beschlossen und von den Gr\u00fcndungsmitgliedern unterzeichnet und am 30.09.2012 sowie am 19.10.2014 von der Hauptversammlung erg\u00e4nzt.<\/p>\n<p>Autenried, den 19. Oktober 2014<\/p>\n<p><em>Dietrich Berning(Pr\u00e4sident), \u00a0Jacqueline Mette (<\/em>Gesch\u00e4ftsf\u00fchrer)<\/p>\n<h2>Kooperationsvereinbarung mit der F.C.I.<\/h2>\n<p><a href=\"https:\/\/klm-international.info\/media\/2017\/03\/KLM_FCI.pdf\">Kooperationsvereinbarung als PDF<\/a><br \/>\nKooperationsvereinbarung<br \/>\nzwischen der Federation Cynologique Internationale (FCI)<br \/>\nund dem<br \/>\nVerband Kleine M\u00fcnsterl\u00e4nder &#8211; International (KIM-1)<\/p>\n<p>Stand: 07.12.2006<\/p>\n<p><strong>Pr\u00e4ambel<\/strong><br \/>\nDie Federation Cynologique Internationale &#8211; im weiteren FCI genannt &#8211; ist der weltweit f\u00fchrende kynologische Dachverband f\u00fcr Zucht und Ausbildung von Hunden aller Rassen mit gegenw\u00e4rtigem Sitz in Thuin (Belgien). Sie untersteht gem\u00e4\u00df Art. 1 ihrer Statuten dem belgischen Recht. Ihre Mitglieder sind nationale Kennel-Clubs, die auf nationaler Ebene die in den Statuten der FCI festgesetzten Zielsetzungen verwirklichen sollen.<br \/>\nDer Verband f\u00fcr Kleine M\u00fcnsterl\u00e4nder &#8211; International (KIM-1) &#8211; im weiteren Weltverband genannt &#8211; ist bestrebt, die von ihm vertretene Rasse Kleine M\u00fcnsterl\u00e4nder auf Basis seiner Statuten und des FCI-Standards Nr. 102 weltweit zu betreuen. Der Weltverband hat seinen Sitz in N\u00fcrnberg. Mitglied des Weltverbandes k\u00f6nnen alle nationalen Rassevereine von Kleinen M\u00fcnsterl\u00e4ndern werden, welche nach ihren Statuten diese Rasse auf der Grundlage des FCI-Standards Nr. 102 betreuen.<br \/>\nBeide Vertragspartner haben die Absicht, sich gegenseitig in allen kynologischen Bereichen zu unterst\u00fctzen und schlie\u00dfen zu diesem Zweck die nachfolgende Vereinbarung.<\/p>\n<p><strong>\u00a7 1 Rechtliche Grundlagen<\/strong><br \/>\n1. Die Parteien verpflichten sich, zur Erreichung der Zielsetzungen dieses Vertrages gem\u00e4\u00df \u00a7 2 ihren Einfluss weltweit in der FCI, in deren Organen , deren Institutionen und Mitgliedsverb\u00e4nden einerseits und im Weltverband und in dessen Organen, dessen Institutionen und Mitgliedsvereinen andererseits, geltend zu machen.<br \/>\n2. Der Weltverband erwirbt durch den Abschluss dieser Kooperationsvereinbarung keine Mitgliederrechte in der FCI und kann auch k\u00fcnftig keine solche Mitgliederrechte erwerben. Die Mitgliedschaft in der FCI ist ausschlie\u00dflich nationalen kynologischen Verb\u00e4nden vorbehalten.<br \/>\n3. Die FCI erwirbt durch den Abschluss dieser Kooperationsvereinbarung keine Mitgliederrechte im Weltverband und kann auch k\u00fcnftig keine solche Mitgliederrechte erwerben . Die Mitgliedschaft im Weltverband ist nationalen rassespezifischen Vereinen vorbehalten.<br \/>\n4. FCI und Weltverband anerkennen und respektieren die in der jeweiligen Organisation zusammengefassten Vereine und Verb\u00e4nde. Die Vertragspartner bem\u00fchen sich, diese nach M\u00f6glichkeit zu f\u00f6rdern.<br \/>\n5. Der Weltverband setzt sich daf\u00fcr ein, dass seine Mitgliedsvereine auch Mitglieder des Mitgliedsverbandes der FCI im betreffenden lande sind. Dies gilt allerdings nur f\u00fcr L\u00e4nder, in denen die FCI eine kynologische Organisation als Mitglied aufgenommen hat.<br \/>\n6. Die FCI wird nur mit einem Weltverband je Rasse eine solche Kooperationsvereinbarung unterzeichnen.<\/p>\n<p><strong>\u00a7 2 Gemeinsame Zielsetzungen<\/strong><br \/>\nDie Vertragspartner beabsichtigen im Rahmen der Vereinbarung folgende<br \/>\nkynologischen Zielsetzungen zu verwirklichen:<br \/>\n1. Umsetzung und Einhaltung des weltweiten Geltungsbereiches des FCI- Standards f\u00fcr die vom Weltverband betreute Rasse entsprechend der Standardforderungen des Ursprungslandes der Rasse;<br \/>\n2. Weltweite Sicherstellung der im Rassestandard geforderten Wesens- und Leistungseigenschaften;<br \/>\n3. Weltweite Erhaltung der Gebrauchsf\u00e4higkeit;<br \/>\n4. Weltweite Sicherstellung der f\u00fcr die Rasse geforderten Gesundheitsmerkmale;<br \/>\n5. Kooperation in grunds\u00e4tzlichen kynologischen Fragen, insbesondere solchen von nationaler oder internationaler politischer Bedeutung;<br \/>\n6. Die vorgenannten Zielsetzungen, sofern diese einer detaillierten Regelung bed\u00fcrfen, in einer rassespezifischen Zusatzvereinbarung, zu formulieren .<\/p>\n<p><strong>\u00a7 3 Aufnahme neuer Mitglieder<\/strong><br \/>\nBeide Vertragspartner sind bestrebt sicherzustellen, dass die Mitgliedsvereine des Weltverbandes als Mitglieder der FCI aufgenommen werden, indem diese die Mitgliedschaft bei den zust\u00e4ndigen nationalen Kennel-Clubs der FCI erwerben.<br \/>\nZur B\u00fcndelung k\u00fcnftiger kynologischer Interessen werden daher die Vertragspartner vor der Aufnahme neuer Kennel-Clubs seitens der FCI bzw. rassespezifischer Mitgliedsvereine seitens des Weltverbandes sich gegenseitig \u00fcber die jeweilige nationale Situation orientieren .<br \/>\nIn diesem Zusammenhang erkl\u00e4ren auch die Parteien ihre Bereitschaft, in denjenigen L\u00e4ndern, in denen der andere Vertragspartner noch nicht pr\u00e4sent ist, ihre bereits bestehenden Kontakte zur Verf\u00fcgung zu stellen, um so mit gemeinsamer Unterst\u00fctzung und Hilfe den jeweiligen Wirkungsbereich zu erweitern.<\/p>\n<p><strong>\u00a7 4 L\u00f6sung von Problembereichen<\/strong><br \/>\nBeide Vertragspartner sind sich dar\u00fcber im Klaren, dass es in Einzelf\u00e4llen Probleme zwischen den bestehenden Organisationen geben kann. Diese k\u00f6nnen im Wesentlichen auf Differenzen auf nationaler Ebene basieren und ganz unterschiedliche Ursachen haben. Die Vertragspartner bekunden ihre Absicht, alles daran zu setzen, um derartige Probleme im gegenseitigen Einvernehmen zu l\u00f6sen. Ist eine kooperative L\u00f6sung jedoch, trotz beiderseitigem Bem\u00fchen, kurzfristig nicht erzielbar, werden beide Partner die Zusammenarbeit unter vorl\u00e4ufiger Ausklammerung einzelner Probleme unver\u00e4ndert fortsetzen .<\/p>\n<p><strong>\u00a7 5 Wirksamkeit, Dauer und Aufl\u00f6sun<\/strong>g<br \/>\nDiese Vereinbarung tritt mit der Unterzeichnung durch die Parteien in Kraft. Sie bleibt g\u00fcltig bis eine der Parteien der anderen schriftlich die K\u00fcndigung zustellt. In diesem Fall endet die Vereinbarung sechs Monate nach Erhalt des K\u00fcndigungsschreibens.<\/p>\n<p>Dortmund, Bundesrepublik Deutschland, 07. Dezember 2006<\/p>\n<p>gezeichnet:<br \/>\nFederation Cynologique Internationale<br \/>\n(Hans M\u00fcller) Pr\u00e4sident<\/p>\n<p>gezeichnet:<br \/>\nVerband f\u00fcr Kleine M\u00fcnsterl\u00e4nder &#8211; International (KIM-1)<br \/>\n(Bernd-Dieter Jesinghausen) Pr\u00e4sident<\/p>\n<p>Zur Kenntnis genommen von dem f\u00fcr den Standard zust\u00e4ndigen Landesverband der FCI:<br \/>\nVerband f\u00fcr das Deutsche Hundewesen (VDH) e.V.<br \/>\nChristofer Habig (Pr\u00e4sident)<\/p>\n<h2>Pr\u00e4sidium<\/h2>\n<div class=\"praesidium\">\n<div id='gallery-1' class='gallery galleryid-379 gallery-columns-5 gallery-size-medium'><figure class='gallery-item'>\n\t\t\t<div class='gallery-icon portrait'>\n\t\t\t\t<a href='https:\/\/klm-international.info\/media\/2017\/03\/1-Foto-Dietrich-Berning.jpg'><img loading=\"lazy\" decoding=\"async\" width=\"230\" height=\"300\" src=\"https:\/\/klm-international.info\/media\/2017\/03\/1-Foto-Dietrich-Berning-230x300.jpg\" class=\"attachment-medium size-medium\" alt=\"\" aria-describedby=\"gallery-1-2540\" srcset=\"https:\/\/klm-international.info\/media\/2017\/03\/1-Foto-Dietrich-Berning-230x300.jpg 230w, https:\/\/klm-international.info\/media\/2017\/03\/1-Foto-Dietrich-Berning-115x150.jpg 115w, https:\/\/klm-international.info\/media\/2017\/03\/1-Foto-Dietrich-Berning-768x1000.jpg 768w, https:\/\/klm-international.info\/media\/2017\/03\/1-Foto-Dietrich-Berning-786x1024.jpg 786w, https:\/\/klm-international.info\/media\/2017\/03\/1-Foto-Dietrich-Berning-100x130.jpg 100w, https:\/\/klm-international.info\/media\/2017\/03\/1-Foto-Dietrich-Berning-150x195.jpg 150w, https:\/\/klm-international.info\/media\/2017\/03\/1-Foto-Dietrich-Berning-200x261.jpg 200w, https:\/\/klm-international.info\/media\/2017\/03\/1-Foto-Dietrich-Berning-300x391.jpg 300w, https:\/\/klm-international.info\/media\/2017\/03\/1-Foto-Dietrich-Berning-450x586.jpg 450w, https:\/\/klm-international.info\/media\/2017\/03\/1-Foto-Dietrich-Berning-600x782.jpg 600w, https:\/\/klm-international.info\/media\/2017\/03\/1-Foto-Dietrich-Berning-900x1172.jpg 900w, https:\/\/klm-international.info\/media\/2017\/03\/1-Foto-Dietrich-Berning.jpg 998w\" sizes=\"auto, (max-width: 230px) 100vw, 230px\" \/><\/a>\n\t\t\t<\/div>\n\t\t\t\t<figcaption class='wp-caption-text gallery-caption' id='gallery-1-2540'>\n\t\t\t\tDietrich Berning, President, Provinzialstra\u00dfe 24, D-46499 Hamminkeln, &#x64;&#105;e&#x74;&#x72;&#105;c&#x68;&#x5f;&#98;e&#x72;&#x6e;&#105;n&#x67;&#x40;&#116;-&#x6f;&#110;&#108;i&#x6e;&#101;&#46;&#x64;&#x65;, 0049 \/ (0) 2873 \/ 261\n\n\t\t\t\t<\/figcaption><\/figure><figure class='gallery-item'>\n\t\t\t<div class='gallery-icon portrait'>\n\t\t\t\t<a href='https:\/\/klm-international.info\/media\/2017\/03\/2-Foto-Bernd-Dieter-Jesinghausen.jpg'><img loading=\"lazy\" decoding=\"async\" width=\"230\" height=\"300\" src=\"https:\/\/klm-international.info\/media\/2017\/03\/2-Foto-Bernd-Dieter-Jesinghausen-230x300.jpg\" class=\"attachment-medium size-medium\" alt=\"\" aria-describedby=\"gallery-1-2542\" srcset=\"https:\/\/klm-international.info\/media\/2017\/03\/2-Foto-Bernd-Dieter-Jesinghausen-230x300.jpg 230w, https:\/\/klm-international.info\/media\/2017\/03\/2-Foto-Bernd-Dieter-Jesinghausen-115x150.jpg 115w, https:\/\/klm-international.info\/media\/2017\/03\/2-Foto-Bernd-Dieter-Jesinghausen-768x1000.jpg 768w, https:\/\/klm-international.info\/media\/2017\/03\/2-Foto-Bernd-Dieter-Jesinghausen-786x1024.jpg 786w, https:\/\/klm-international.info\/media\/2017\/03\/2-Foto-Bernd-Dieter-Jesinghausen-100x130.jpg 100w, https:\/\/klm-international.info\/media\/2017\/03\/2-Foto-Bernd-Dieter-Jesinghausen-150x195.jpg 150w, https:\/\/klm-international.info\/media\/2017\/03\/2-Foto-Bernd-Dieter-Jesinghausen-200x261.jpg 200w, https:\/\/klm-international.info\/media\/2017\/03\/2-Foto-Bernd-Dieter-Jesinghausen-300x391.jpg 300w, https:\/\/klm-international.info\/media\/2017\/03\/2-Foto-Bernd-Dieter-Jesinghausen-450x586.jpg 450w, https:\/\/klm-international.info\/media\/2017\/03\/2-Foto-Bernd-Dieter-Jesinghausen-600x782.jpg 600w, https:\/\/klm-international.info\/media\/2017\/03\/2-Foto-Bernd-Dieter-Jesinghausen-900x1172.jpg 900w, https:\/\/klm-international.info\/media\/2017\/03\/2-Foto-Bernd-Dieter-Jesinghausen.jpg 998w\" sizes=\"auto, (max-width: 230px) 100vw, 230px\" \/><\/a>\n\t\t\t<\/div>\n\t\t\t\t<figcaption class='wp-caption-text gallery-caption' id='gallery-1-2542'>\n\t\t\t\tBernd-Dieter Jesinghausen, Honorary President, Schwabenstra\u00dfe 25, \nD-91126 Schwabach,\n&#x62;&#x64;&#x40;&#x6a;&#101;&#115;ing&#x68;&#x61;&#x75;&#x73;&#101;&#110;&#46;co&#x6d;, \n0049 \/ (0) 9122 \/ 73395\n\n\t\t\t\t<\/figcaption><\/figure><figure class='gallery-item'>\n\t\t\t<div class='gallery-icon portrait'>\n\t\t\t\t<a href='https:\/\/klm-international.info\/media\/2017\/03\/3-Foto-Cor-Bottenheft.jpg'><img loading=\"lazy\" decoding=\"async\" width=\"230\" height=\"300\" src=\"https:\/\/klm-international.info\/media\/2017\/03\/3-Foto-Cor-Bottenheft-230x300.jpg\" class=\"attachment-medium size-medium\" alt=\"\" aria-describedby=\"gallery-1-2544\" srcset=\"https:\/\/klm-international.info\/media\/2017\/03\/3-Foto-Cor-Bottenheft-230x300.jpg 230w, https:\/\/klm-international.info\/media\/2017\/03\/3-Foto-Cor-Bottenheft-115x150.jpg 115w, https:\/\/klm-international.info\/media\/2017\/03\/3-Foto-Cor-Bottenheft-768x1000.jpg 768w, https:\/\/klm-international.info\/media\/2017\/03\/3-Foto-Cor-Bottenheft-786x1024.jpg 786w, https:\/\/klm-international.info\/media\/2017\/03\/3-Foto-Cor-Bottenheft-100x130.jpg 100w, https:\/\/klm-international.info\/media\/2017\/03\/3-Foto-Cor-Bottenheft-150x195.jpg 150w, https:\/\/klm-international.info\/media\/2017\/03\/3-Foto-Cor-Bottenheft-200x261.jpg 200w, https:\/\/klm-international.info\/media\/2017\/03\/3-Foto-Cor-Bottenheft-300x391.jpg 300w, https:\/\/klm-international.info\/media\/2017\/03\/3-Foto-Cor-Bottenheft-450x586.jpg 450w, https:\/\/klm-international.info\/media\/2017\/03\/3-Foto-Cor-Bottenheft-600x782.jpg 600w, https:\/\/klm-international.info\/media\/2017\/03\/3-Foto-Cor-Bottenheft-900x1172.jpg 900w, https:\/\/klm-international.info\/media\/2017\/03\/3-Foto-Cor-Bottenheft.jpg 998w\" sizes=\"auto, (max-width: 230px) 100vw, 230px\" \/><\/a>\n\t\t\t<\/div>\n\t\t\t\t<figcaption class='wp-caption-text gallery-caption' id='gallery-1-2544'>\n\t\t\t\tCor Bottenheft, Vice President,\nJan van Nassaupark 78, \nNL-3844 BS Harderwijk,\nc&#46;&#98;&#111;&#116;&#x74;&#x65;&#x6e;&#x68;&#x65;ft&#64;&#99;&#97;&#x69;&#x77;&#x61;&#x79;&#x2e;nl,\n0031 \/ 341415335\n\n\t\t\t\t<\/figcaption><\/figure><figure class='gallery-item'>\n\t\t\t<div class='gallery-icon portrait'>\n\t\t\t\t<a href='https:\/\/klm-international.info\/media\/2017\/03\/4-Foto-Henrik-Raae-Andersen.jpg'><img loading=\"lazy\" decoding=\"async\" width=\"230\" height=\"300\" src=\"https:\/\/klm-international.info\/media\/2017\/03\/4-Foto-Henrik-Raae-Andersen-230x300.jpg\" class=\"attachment-medium size-medium\" alt=\"\" aria-describedby=\"gallery-1-2546\" srcset=\"https:\/\/klm-international.info\/media\/2017\/03\/4-Foto-Henrik-Raae-Andersen-230x300.jpg 230w, https:\/\/klm-international.info\/media\/2017\/03\/4-Foto-Henrik-Raae-Andersen-115x150.jpg 115w, https:\/\/klm-international.info\/media\/2017\/03\/4-Foto-Henrik-Raae-Andersen-768x1000.jpg 768w, https:\/\/klm-international.info\/media\/2017\/03\/4-Foto-Henrik-Raae-Andersen-786x1024.jpg 786w, https:\/\/klm-international.info\/media\/2017\/03\/4-Foto-Henrik-Raae-Andersen-100x130.jpg 100w, https:\/\/klm-international.info\/media\/2017\/03\/4-Foto-Henrik-Raae-Andersen-150x195.jpg 150w, https:\/\/klm-international.info\/media\/2017\/03\/4-Foto-Henrik-Raae-Andersen-200x261.jpg 200w, https:\/\/klm-international.info\/media\/2017\/03\/4-Foto-Henrik-Raae-Andersen-300x391.jpg 300w, https:\/\/klm-international.info\/media\/2017\/03\/4-Foto-Henrik-Raae-Andersen-450x586.jpg 450w, https:\/\/klm-international.info\/media\/2017\/03\/4-Foto-Henrik-Raae-Andersen-600x782.jpg 600w, https:\/\/klm-international.info\/media\/2017\/03\/4-Foto-Henrik-Raae-Andersen-900x1172.jpg 900w, https:\/\/klm-international.info\/media\/2017\/03\/4-Foto-Henrik-Raae-Andersen.jpg 998w\" sizes=\"auto, (max-width: 230px) 100vw, 230px\" \/><\/a>\n\t\t\t<\/div>\n\t\t\t\t<figcaption class='wp-caption-text gallery-caption' id='gallery-1-2546'>\n\t\t\t\tHenrik Raae Andersen, Honorary President,  Lunderodvej 82, Marup, DK-4340 T\u00f8ll\u00f8se,e&#108;&#x76;&#x65;r&#100;&#x61;&#x6d;s&#64;&#97;&#x64;&#x73;l&#104;&#x6f;&#x6d;e&#46;&#x64;&#x6b;, 0045 \/ 25786665\n\t\t\t\t<\/figcaption><\/figure>\n\t\t<\/div>\n\n<\/div>\n<p>&nbsp;<\/p>\n<p>&nbsp;<\/p>\n<p>&nbsp;<\/p>\n<h2>Organisationsplan<\/h2>\n<p style=\"text-align: center;\"><a href=\"https:\/\/klm-international.info\/media\/2017\/03\/Organisationsplan-KLM-I-Dtl.jpg\"><img loading=\"lazy\" decoding=\"async\" class=\"aligncenter wp-image-113 size-large\" src=\"https:\/\/klm-international.info\/media\/2017\/03\/Organisationsplan-KLM-I-Dtl-724x1024.jpg\" alt=\"\" width=\"605\" height=\"856\" srcset=\"https:\/\/klm-international.info\/media\/2017\/03\/Organisationsplan-KLM-I-Dtl-724x1024.jpg 724w, https:\/\/klm-international.info\/media\/2017\/03\/Organisationsplan-KLM-I-Dtl-106x150.jpg 106w, https:\/\/klm-international.info\/media\/2017\/03\/Organisationsplan-KLM-I-Dtl-212x300.jpg 212w, https:\/\/klm-international.info\/media\/2017\/03\/Organisationsplan-KLM-I-Dtl-768x1087.jpg 768w, https:\/\/klm-international.info\/media\/2017\/03\/Organisationsplan-KLM-I-Dtl-100x141.jpg 100w, https:\/\/klm-international.info\/media\/2017\/03\/Organisationsplan-KLM-I-Dtl-150x212.jpg 150w, https:\/\/klm-international.info\/media\/2017\/03\/Organisationsplan-KLM-I-Dtl-200x283.jpg 200w, https:\/\/klm-international.info\/media\/2017\/03\/Organisationsplan-KLM-I-Dtl-300x424.jpg 300w, https:\/\/klm-international.info\/media\/2017\/03\/Organisationsplan-KLM-I-Dtl-450x637.jpg 450w, https:\/\/klm-international.info\/media\/2017\/03\/Organisationsplan-KLM-I-Dtl-600x849.jpg 600w, https:\/\/klm-international.info\/media\/2017\/03\/Organisationsplan-KLM-I-Dtl.jpg 793w\" sizes=\"auto, (max-width: 605px) 100vw, 605px\" \/><\/a><\/p>\n<h2>Protokolle Hauptversammlung<\/h2>\n<p>[posttitles_of_category slug=&#8221;hauptversammlung&#8221;]<\/p>\n<p>&nbsp;<\/p>\n<h2>Kurzprotokolle Pr\u00e4sidiumssitzung<\/h2>\n<p>[posttitles_of_category slug=&#8221;praesidium&#8221;]<\/p>\n","protected":false},"excerpt":{"rendered":"<p>HISTORY &#8211; THE ORIGIN OF KLM-INTERNATIONAL At the beginning of the 20th Century, our Kleine M\u00fcnsterl\u00e4nder quickly became known across Germany\u2019s borders and was popular with hunters. Already in 1921 the Dutch Heidewachtel Club was founded. In 1947 it was established again. In the forties, testing of the Kleine M\u00fcnsterl\u00e4nder shifted more and more from [&hellip;]<\/p>\n","protected":false},"author":1,"featured_media":0,"parent":0,"menu_order":0,"comment_status":"closed","ping_status":"closed","template":"full-width-page.php","meta":{"_exactmetrics_skip_tracking":false,"_exactmetrics_sitenote_active":false,"_exactmetrics_sitenote_note":"","_exactmetrics_sitenote_category":0,"footnotes":""},"class_list":["post-379","page","type-page","status-publish","hentry"],"publishpress_future_workflow_manual_trigger":{"enabledWorkflows":[]},"_links":{"self":[{"href":"https:\/\/klm-international.info\/en\/wp-json\/wp\/v2\/pages\/379","targetHints":{"allow":["GET"]}}],"collection":[{"href":"https:\/\/klm-international.info\/en\/wp-json\/wp\/v2\/pages"}],"about":[{"href":"https:\/\/klm-international.info\/en\/wp-json\/wp\/v2\/types\/page"}],"author":[{"embeddable":true,"href":"https:\/\/klm-international.info\/en\/wp-json\/wp\/v2\/users\/1"}],"replies":[{"embeddable":true,"href":"https:\/\/klm-international.info\/en\/wp-json\/wp\/v2\/comments?post=379"}],"version-history":[{"count":3,"href":"https:\/\/klm-international.info\/en\/wp-json\/wp\/v2\/pages\/379\/revisions"}],"predecessor-version":[{"id":2474,"href":"https:\/\/klm-international.info\/en\/wp-json\/wp\/v2\/pages\/379\/revisions\/2474"}],"wp:attachment":[{"href":"https:\/\/klm-international.info\/en\/wp-json\/wp\/v2\/media?parent=379"}],"curies":[{"name":"wp","href":"https:\/\/api.w.org\/{rel}","templated":true}]}}